{"id":1139,"date":"2023-03-15T10:44:22","date_gmt":"2023-03-15T09:44:22","guid":{"rendered":"https:\/\/adventtrail.ch\/links-e-recursos\/"},"modified":"2024-06-30T11:23:44","modified_gmt":"2024-06-30T10:23:44","slug":"links-e-recursos","status":"publish","type":"page","link":"https:\/\/adventtrail.ch\/pt-br\/links-e-recursos\/","title":{"rendered":"Links e recursos"},"content":{"rendered":"\n<div class=\"wp-block-cover alignfull is-light\" style=\"min-height:825px;aspect-ratio:unset;\"><span aria-hidden=\"true\" class=\"wp-block-cover__background has-white-background-color has-background-dim-100 has-background-dim\"><\/span><div class=\"wp-block-cover__inner-container is-layout-flow wp-block-cover-is-layout-flow\">\n<div class=\"wp-block-group has-black-color has-text-color has-link-color wp-elements-6daa62c6380fd203abf5670dc9954e4c has-global-padding is-layout-constrained wp-block-group-is-layout-constrained\">\n<p class=\"has-text-align-center\" style=\"margin-top:10px;font-size:clamp(14px, 0.875rem + ((1vw - 3.2px) * 0.417), 18px);line-height:1.65\">Sites, obras de refer\u00eancia e recomenda\u00e7\u00f5es para leitura adicional.  <br\/>Tantas coisas boas em um s\u00f3 lugar!<\/p>\n\n\n\n<div class=\"wp-block-buttons is-horizontal is-content-justification-center is-layout-flex wp-container-core-buttons-is-layout-03627597 wp-block-buttons-is-layout-flex\">\n<div class=\"wp-block-button has-custom-width wp-block-button__width-100 is-style-fill\"><a class=\"wp-block-button__link has-white-color has-black-background-color has-text-color has-background wp-element-button\" href=\"https:\/\/www.archivesadventistes.org\/blog\/geymet_jeandavid\/\">Arquivos Adventistas de Collonges-sous-Sal\u00e8ve<\/a><\/div>\n\n\n\n<div class=\"wp-block-button has-custom-width wp-block-button__width-100 is-style-fill\"><a class=\"wp-block-button__link has-white-color has-black-background-color has-text-color has-background wp-element-button\" href=\"https:\/\/encyclopedia.adventist.org\/\" target=\"_blank\" rel=\"noreferrer noopener\">Enciclop\u00e9dia Adventista (ingl\u00eas)  <\/a><\/div>\n\n\n\n<div class=\"wp-block-button has-custom-width wp-block-button__width-100 is-style-fill\"><a class=\"wp-block-button__link has-white-color has-black-background-color has-text-color has-background wp-element-button\">Escritos de Ellen White sobre sua estada na Su\u00ed\u00e7a (ingl\u00eas)<\/a><\/div>\n\n\n\n<div class=\"wp-block-button has-custom-width wp-block-button__width-100 is-style-fill\"><a class=\"wp-block-button__link has-white-color has-black-background-color has-text-color has-background wp-element-button\">Wikip\u00e9dia<\/a><\/div>\n\n\n\n<div class=\"wp-block-button has-custom-width wp-block-button__width-100 is-style-fill\"><a class=\"wp-block-button__link has-white-color has-black-background-color has-text-color has-background wp-element-button\" href=\"https:\/\/adventistheritage.org\/\" target=\"_blank\" rel=\"noreferrer noopener\">Adventist Heritage (lista de edif\u00edcios hist\u00f3ricos) (ingl\u00eas)  <\/a><\/div>\n\n\n\n<div class=\"wp-block-button has-custom-width wp-block-button__width-100 is-style-fill\"><a class=\"wp-block-button__link has-white-color has-black-background-color has-text-color has-background wp-element-button\" href=\"https:\/\/cloud.eud.adventist.org\/index.php\/s\/2nYzG26iyswYTGi\" target=\"_blank\" rel=\"noreferrer noopener\">Revista Adventista para o 100\u00ba anivers\u00e1rio de 1844 (artigo para a Su\u00ed\u00e7a)<\/a><\/div>\n\n\n\n<div class=\"wp-block-button has-custom-width wp-block-button__width-100 is-style-fill\"><a class=\"wp-block-button__link has-white-color has-black-background-color has-text-color has-background wp-element-button\" href=\"http:\/\/www.adventistemagazine.com\/czechowski-geymet-andrews-ces-migrants-qui-ont-implante-ladventiste-en-suisse\/\" target=\"_blank\" rel=\"noreferrer noopener\">Artigo da Revista Adventista sobre a chegada do Adventismo na Su\u00ed\u00e7a<\/a><\/div>\n\n\n\n<div class=\"wp-block-button has-custom-width wp-block-button__width-100 is-style-fill\"><a class=\"wp-block-button__link has-white-color has-black-background-color has-text-color has-background wp-element-button\" href=\"https:\/\/revue.adventiste.org\/vie-et-sante-les-debuts-en-suisse-1866-1922\/\" target=\"_blank\" rel=\"noreferrer noopener\">Artigo da Adventist Review sobre impress\u00e3o<\/a><\/div>\n\n\n\n<div class=\"wp-block-button has-custom-width wp-block-button__width-100 is-style-fill\"><a class=\"wp-block-button__link has-white-color has-black-background-color has-text-color has-background wp-element-button\" href=\"https:\/\/adventistreview.org\/news\/j-n-andrews-was-first-adventist-missionary-think-again\/\" target=\"_blank\" rel=\"noreferrer noopener\">Artigo da Adventist Review sobre o primeiro mission\u00e1rio<\/a><\/div>\n\n\n\n<div class=\"wp-block-button has-custom-width wp-block-button__width-100 is-style-fill\"><a class=\"wp-block-button__link has-white-color has-black-background-color has-text-color has-background wp-element-button\" href=\"https:\/\/adventistreview.org\/no-permission-needed\/\" target=\"_blank\" rel=\"noreferrer noopener\">Artigo da Adventist Review sobre Michal Belinda Czechowski (ingl\u00eas)<\/a><\/div>\n<\/div>\n<\/div>\n<\/div><\/div>\n","protected":false},"excerpt":{"rendered":"","protected":false},"author":2,"featured_media":0,"parent":0,"menu_order":0,"comment_status":"closed","ping_status":"closed","template":"","meta":{"footnotes":""},"class_list":["post-1139","page","type-page","status-publish","hentry"],"publishpress_future_action":{"enabled":false,"date":"2026-05-08 17:11:59","action":"change-status","newStatus":"draft","terms":[],"taxonomy":"translation_priority"},"publishpress_future_workflow_manual_trigger":{"enabledWorkflows":[]},"_links":{"self":[{"href":"https:\/\/adventtrail.ch\/pt-br\/wp-json\/wp\/v2\/pages\/1139","targetHints":{"allow":["GET"]}}],"collection":[{"href":"https:\/\/adventtrail.ch\/pt-br\/wp-json\/wp\/v2\/pages"}],"about":[{"href":"https:\/\/adventtrail.ch\/pt-br\/wp-json\/wp\/v2\/types\/page"}],"author":[{"embeddable":true,"href":"https:\/\/adventtrail.ch\/pt-br\/wp-json\/wp\/v2\/users\/2"}],"replies":[{"embeddable":true,"href":"https:\/\/adventtrail.ch\/pt-br\/wp-json\/wp\/v2\/comments?post=1139"}],"version-history":[{"count":1,"href":"https:\/\/adventtrail.ch\/pt-br\/wp-json\/wp\/v2\/pages\/1139\/revisions"}],"predecessor-version":[{"id":1140,"href":"https:\/\/adventtrail.ch\/pt-br\/wp-json\/wp\/v2\/pages\/1139\/revisions\/1140"}],"wp:attachment":[{"href":"https:\/\/adventtrail.ch\/pt-br\/wp-json\/wp\/v2\/media?parent=1139"}],"curies":[{"name":"wp","href":"https:\/\/api.w.org\/{rel}","templated":true}]}}